{"id":2410,"date":"2025-03-12T17:22:55","date_gmt":"2025-03-12T17:22:55","guid":{"rendered":"https:\/\/www.opusdesmuses.com\/opus\/?page_id=2410"},"modified":"2025-04-06T14:47:42","modified_gmt":"2025-04-06T14:47:42","slug":"duo-dussaud-taillefer","status":"publish","type":"page","link":"https:\/\/www.opusdesmuses.com\/opus\/duo-dussaud-taillefer\/","title":{"rendered":"Duo Dussaud-Taillefer"},"content":{"rendered":"<p>[et_pb_section fb_built=\u00a0\u00bb1&Prime; fullwidth=\u00a0\u00bbon\u00a0\u00bb admin_label=\u00a0\u00bbHeader\u00a0\u00bb _builder_version=\u00a0\u00bb4.16&Prime; background_color=\u00a0\u00bb#000000&Prime; global_colors_info=\u00a0\u00bb{}\u00a0\u00bb][\/et_pb_section][et_pb_section fb_built=\u00a0\u00bb1&Prime; admin_label=\u00a0\u00bbCalls to Action\u00a0\u00bb _builder_version=\u00a0\u00bb4.16&Prime; background_color=\u00a0\u00bb#000000&Prime; custom_padding=\u00a0\u00bb||0px|||\u00a0\u00bb global_colors_info=\u00a0\u00bb{}\u00a0\u00bb][et_pb_row _builder_version=\u00a0\u00bb4.23.4&Prime; custom_padding=\u00a0\u00bb||0px|||\u00a0\u00bb global_colors_info=\u00a0\u00bb{}\u00a0\u00bb][et_pb_column type=\u00a0\u00bb4_4&Prime; _builder_version=\u00a0\u00bb4.16&Prime; global_colors_info=\u00a0\u00bb{}\u00a0\u00bb][et_pb_text _builder_version=\u00a0\u00bb4.23.4&Prime; text_text_color=\u00a0\u00bbrgba(255,255,255,0.5)\u00a0\u00bb text_font_size=\u00a0\u00bb16px\u00a0\u00bb text_line_height=\u00a0\u00bb1.8em\u00a0\u00bb header_2_font=\u00a0\u00bbMontserrat|300|||||||\u00a0\u00bb header_2_font_size=\u00a0\u00bb70px\u00a0\u00bb header_2_line_height=\u00a0\u00bb1.2em\u00a0\u00bb header_3_font=\u00a0\u00bbMontserrat|700||on|||||\u00a0\u00bb header_3_text_color=\u00a0\u00bb#f9002b\u00a0\u00bb header_3_font_size=\u00a0\u00bb16px\u00a0\u00bb header_3_letter_spacing=\u00a0\u00bb2px\u00a0\u00bb header_3_line_height=\u00a0\u00bb1.4em\u00a0\u00bb background_layout=\u00a0\u00bbdark\u00a0\u00bb header_2_font_size_tablet=\u00a0\u00bb40px\u00a0\u00bb header_2_font_size_phone=\u00a0\u00bb30px\u00a0\u00bb header_2_font_size_last_edited=\u00a0\u00bbon|phone\u00a0\u00bb header_3_font_size_tablet=\u00a0\u00bb14px\u00a0\u00bb header_3_font_size_phone=\u00a0\u00bb\u00a0\u00bb header_3_font_size_last_edited=\u00a0\u00bbon|phone\u00a0\u00bb text_text_align=\u00a0\u00bbleft\u00a0\u00bb locked=\u00a0\u00bboff\u00a0\u00bb global_colors_info=\u00a0\u00bb{}\u00a0\u00bb]<\/p>\n<h2><strong>duo<\/strong> dussaud taillefer<\/h2>\n<p>[\/et_pb_text][\/et_pb_column][\/et_pb_row][et_pb_row _builder_version=\u00a0\u00bb4.23.4&Prime; _module_preset=\u00a0\u00bbdefault\u00a0\u00bb global_colors_info=\u00a0\u00bb{}\u00a0\u00bb][et_pb_column type=\u00a0\u00bb4_4&Prime; _builder_version=\u00a0\u00bb4.23.4&Prime; _module_preset=\u00a0\u00bbdefault\u00a0\u00bb global_colors_info=\u00a0\u00bb{}\u00a0\u00bb][et_pb_text _builder_version=\u00a0\u00bb4.23.4&Prime; _module_preset=\u00a0\u00bbdefault\u00a0\u00bb text_font_size=\u00a0\u00bb17px\u00a0\u00bb global_colors_info=\u00a0\u00bb{}\u00a0\u00bb]<\/p>\n<p class=\"p1\"><span class=\"s1\" style=\"color: #ffffff;\">C&rsquo;est autour de la p\u00e9dagogie que les premiers \u00e9changes se tissent entre C\u00e9line Dussaud et Jean-S\u00e9bastien Taillefer. Leurs dialogues sur les apprentissages de leurs instruments les conduisent \u00e0 expliciter les modes d&rsquo;expression qui leur sont propres. Le chemin de la p\u00e9dagogie croise ceux de l&rsquo;histoire de la musique et de la musique de chambre. <\/span><\/p>\n<p class=\"p1\"><span class=\"s1\" style=\"color: #ffffff;\">Le r\u00e9pertoire de ce duo explore une vaste gamme d&rsquo;\u00e9motions, allant de la tendresse la plus intime \u00e0 l&rsquo;expression dramatique. De nombreux compositeurs ont su tirer parti de cette complicit\u00e9 naturelle, cr\u00e9ant des \u0153uvres o\u00f9 se m\u00ealent virtuosit\u00e9, lyrisme et avant-garde. <\/span><\/p>\n<p class=\"p1\"><span class=\"s1\" style=\"color: #ffffff;\">Les musiciens vous convient \u00e0 un voyage \u00e0 travers les \u00e9poques et les styles, mettant en lumi\u00e8re des pi\u00e8ces incontournables du r\u00e9pertoire pour piano et violoncelle, ainsi que des d\u00e9couvertes et cr\u00e9ations. Chaque \u0153uvre vous transportera dans un univers unique, du romantisme exalt\u00e9 de Brahms aux rythmes vibrants de Piazzolla, en passant par les audaces harmoniques de Jodlowski. <\/span><\/p>\n<p class=\"p1\"><span class=\"s1\" style=\"color: #ffffff;\">Laissons-nous emporter par cette conversation musicale entre deux instruments, un dialogue o\u00f9 chaque note est une invitation \u00e0 l&rsquo;\u00e9motion et \u00e0 la d\u00e9couverte.<\/span><\/p>\n<p class=\"p1\"><span class=\"s1\" style=\"color: #ffffff;\"><\/span><\/p>\n<p>[\/et_pb_text][\/et_pb_column][\/et_pb_row][et_pb_row _builder_version=\u00a0\u00bb4.23.4&Prime; _module_preset=\u00a0\u00bbdefault\u00a0\u00bb global_colors_info=\u00a0\u00bb{}\u00a0\u00bb][et_pb_column type=\u00a0\u00bb4_4&Prime; _builder_version=\u00a0\u00bb4.23.4&Prime; _module_preset=\u00a0\u00bbdefault\u00a0\u00bb global_colors_info=\u00a0\u00bb{}\u00a0\u00bb][et_pb_audio audio=\u00a0\u00bbhttps:\/\/www.opusdesmuses.com\/opus\/wp-content\/uploads\/2025\/03\/AUDIO-DUO.mp3&Prime; title=\u00a0\u00bbExtraits musicaux\u00a0\u00bb artist_name=\u00a0\u00bbDuo Dussaud-Taillefer\u00a0\u00bb _builder_version=\u00a0\u00bb4.23.4&Prime; _module_preset=\u00a0\u00bbdefault\u00a0\u00bb global_colors_info=\u00a0\u00bb{}\u00a0\u00bb][\/et_pb_audio][\/et_pb_column][\/et_pb_row][et_pb_row column_structure=\u00a0\u00bb1_2,1_2&Prime; _builder_version=\u00a0\u00bb4.23.4&Prime; _module_preset=\u00a0\u00bbdefault\u00a0\u00bb global_colors_info=\u00a0\u00bb{}\u00a0\u00bb][et_pb_column type=\u00a0\u00bb1_2&Prime; _builder_version=\u00a0\u00bb4.23.4&Prime; _module_preset=\u00a0\u00bbdefault\u00a0\u00bb global_colors_info=\u00a0\u00bb{}\u00a0\u00bb][et_pb_image src=\u00a0\u00bbhttps:\/\/www.opusdesmuses.com\/opus\/wp-content\/uploads\/2025\/04\/Duo-De-Falla.jpg\u00a0\u00bb title_text=\u00a0\u00bbDuo De Falla\u00a0\u00bb _builder_version=\u00a0\u00bb4.23.4&Prime; _module_preset=\u00a0\u00bbdefault\u00a0\u00bb global_colors_info=\u00a0\u00bb{}\u00a0\u00bb][\/et_pb_image][\/et_pb_column][et_pb_column type=\u00a0\u00bb1_2&Prime; _builder_version=\u00a0\u00bb4.23.4&Prime; _module_preset=\u00a0\u00bbdefault\u00a0\u00bb global_colors_info=\u00a0\u00bb{}\u00a0\u00bb][et_pb_image src=\u00a0\u00bbhttps:\/\/www.opusdesmuses.com\/opus\/wp-content\/uploads\/2025\/04\/Duo-icone.jpg\u00a0\u00bb title_text=\u00a0\u00bbDuo icone\u00a0\u00bb _builder_version=\u00a0\u00bb4.23.4&Prime; _module_preset=\u00a0\u00bbdefault\u00a0\u00bb global_colors_info=\u00a0\u00bb{}\u00a0\u00bb][\/et_pb_image][\/et_pb_column][\/et_pb_row][et_pb_row column_structure=\u00a0\u00bb1_2,1_2&Prime; _builder_version=\u00a0\u00bb4.23.4&Prime; _module_preset=\u00a0\u00bbdefault\u00a0\u00bb global_colors_info=\u00a0\u00bb{}\u00a0\u00bb][et_pb_column type=\u00a0\u00bb1_2&Prime; _builder_version=\u00a0\u00bb4.23.4&Prime; _module_preset=\u00a0\u00bbdefault\u00a0\u00bb global_colors_info=\u00a0\u00bb{}\u00a0\u00bb][et_pb_image src=\u00a0\u00bbhttps:\/\/www.opusdesmuses.com\/opus\/wp-content\/uploads\/2025\/04\/Duo-Jodlowski.jpg\u00a0\u00bb title_text=\u00a0\u00bbDuo Jodlowski\u00a0\u00bb _builder_version=\u00a0\u00bb4.23.4&Prime; _module_preset=\u00a0\u00bbdefault\u00a0\u00bb global_colors_info=\u00a0\u00bb{}\u00a0\u00bb][\/et_pb_image][\/et_pb_column][et_pb_column type=\u00a0\u00bb1_2&Prime; _builder_version=\u00a0\u00bb4.23.4&Prime; _module_preset=\u00a0\u00bbdefault\u00a0\u00bb global_colors_info=\u00a0\u00bb{}\u00a0\u00bb][et_pb_image src=\u00a0\u00bbhttps:\/\/www.opusdesmuses.com\/opus\/wp-content\/uploads\/2025\/04\/Duo.jpg\u00a0\u00bb title_text=\u00a0\u00bbDuo\u00a0\u00bb _builder_version=\u00a0\u00bb4.23.4&Prime; _module_preset=\u00a0\u00bbdefault\u00a0\u00bb global_colors_info=\u00a0\u00bb{}\u00a0\u00bb][\/et_pb_image][\/et_pb_column][\/et_pb_row][et_pb_row _builder_version=\u00a0\u00bb4.23.4&Prime; _module_preset=\u00a0\u00bbdefault\u00a0\u00bb global_colors_info=\u00a0\u00bb{}\u00a0\u00bb][et_pb_column type=\u00a0\u00bb4_4&Prime; _builder_version=\u00a0\u00bb4.23.4&Prime; _module_preset=\u00a0\u00bbdefault\u00a0\u00bb global_colors_info=\u00a0\u00bb{}\u00a0\u00bb][et_pb_text _builder_version=\u00a0\u00bb4.23.4&Prime; _module_preset=\u00a0\u00bbdefault\u00a0\u00bb text_font_size=\u00a0\u00bb33px\u00a0\u00bb global_colors_info=\u00a0\u00bb{}\u00a0\u00bb]<\/p>\n<p><span style=\"color: #ffffff;\">LES MUSICIENS<\/span><\/p>\n<p>[\/et_pb_text][\/et_pb_column][\/et_pb_row][et_pb_row column_structure=\u00a0\u00bb1_2,1_2&Prime; _builder_version=\u00a0\u00bb4.23.4&Prime; _module_preset=\u00a0\u00bbdefault\u00a0\u00bb global_colors_info=\u00a0\u00bb{}\u00a0\u00bb][et_pb_column type=\u00a0\u00bb1_2&Prime; _builder_version=\u00a0\u00bb4.23.4&Prime; _module_preset=\u00a0\u00bbdefault\u00a0\u00bb global_colors_info=\u00a0\u00bb{}\u00a0\u00bb][et_pb_image src=\u00a0\u00bbhttps:\/\/www.opusdesmuses.com\/opus\/wp-content\/uploads\/2025\/03\/Celine-Gabarit.jpg\u00a0\u00bb title_text=\u00a0\u00bbCe\u0301line Gabarit\u00a0\u00bb _builder_version=\u00a0\u00bb4.23.4&Prime; _module_preset=\u00a0\u00bbdefault\u00a0\u00bb global_colors_info=\u00a0\u00bb{}\u00a0\u00bb][\/et_pb_image][\/et_pb_column][et_pb_column type=\u00a0\u00bb1_2&Prime; _builder_version=\u00a0\u00bb4.23.4&Prime; _module_preset=\u00a0\u00bbdefault\u00a0\u00bb global_colors_info=\u00a0\u00bb{}\u00a0\u00bb][et_pb_text _builder_version=\u00a0\u00bb4.23.4&Prime; _module_preset=\u00a0\u00bbdefault\u00a0\u00bb text_font_size=\u00a0\u00bb17px\u00a0\u00bb global_colors_info=\u00a0\u00bb{}\u00a0\u00bb]<\/p>\n<p class=\"p1\"><span style=\"color: #ffffff; font-size: 17px;\">C\u00e9line Dussaud <\/span><span class=\"s1\" style=\"color: #ff0000; font-size: 17px;\">Violoncelle<\/span><span style=\"color: #ffffff;\"><\/span><\/p>\n<p class=\"p2\"><span style=\"color: #ffffff;\">N\u00e9e de parents musiciens, elle est tr\u00e8s t\u00f4t impliqu\u00e9e dans la musique d\u2019ensemble. Elle<span class=\"Apple-converted-space\">\u00a0 <\/span>poursuit ses \u00e9tudes de violoncelle au Conservatoire d\u2019Aubervilliers et Boulogne Billancourt. Apr\u00e8s un prix de formation musicale elle int\u00e8gre le conservatoire de N\u00eemes o\u00f9 <\/span><span style=\"color: #ffffff;\">elle obtient les 1er Prix en Violoncelle, Lecture \u00e0 vue et Musique de Chambre.<\/span><\/p>\n<p class=\"p2\"><span style=\"color: #ffffff;\">Elle poursuit son perfectionnement instrumental aupr\u00e8s de Boris Baraz, membre des<span class=\"Apple-converted-space\">\u00a0 <\/span>\u201cSolistes<span class=\"Apple-converted-space\">\u00a0 <\/span>de<span class=\"Apple-converted-space\">\u00a0 <\/span>Moscou\u201d tout en int\u00e9grant le CEFEDEM de Lyon ou elle obtient son dipl\u00f4me d\u2019\u00c9tat en 1996.<\/span><\/p>\n<p class=\"p2\"><span style=\"color: #ffffff;\">Engag\u00e9e comme musicienne au th\u00e9\u00e2tre de N\u00eemes puis \u00e0 la Compagnie Lyrique du Languedoc de 1992 \u00e0 2008, elle a \u00e9galement \u00e9t\u00e9 violoncelle solo de l&rsquo;orchestre franco-suisse \u201cContrepoint\u201d.<\/span><\/p>\n<p class=\"p2\"><span style=\"color: #ffffff;\">Depuis 2008, elle est le premier violoncelle de l&rsquo;Orchestre B\u00e9ziers M\u00e9diterran\u00e9e. Elle<span class=\"Apple-converted-space\">\u00a0 <\/span>participe \u00e0 l&rsquo;orchestre \u201cAl\u00e8s Symphonia\u201d et \u00e0 l&rsquo;orchestre de N\u00eemes qui se produit avec de nombreux solistes \u00e0 la carri\u00e8re internationale tels qu&rsquo;Augustin Dumay et J.C. Pennetier.<\/span><\/p>\n<p class=\"p2\"><span style=\"color: #ffffff;\">Elle est aussi la violoncelliste du \u201cTrio-Carr\u00e9e\u201d et du quatuor \u201cLa Domitienne\u201d, avec entre autres le violoniste super-soliste Matja Marinkovitch. Elle est membre du \u201cBogen Quartet\u201d qui se produit dans de nombreux festivals fran\u00e7ais, ainsi que du \u201cTrio Entrecordes\u201d, sp\u00e9cialis\u00e9 dans le tango argentin.<\/span><\/p>\n<p class=\"p3\">\n<p class=\"p2\"><span style=\"color: #ffffff;\">Discographie : \u00a0\u00bb Jobard\u00a0\u00bb Chanson Plus Bifluor\u00e9e\u00a0 \/ <\/span><span style=\"color: #ffffff;\">\u00ab\u00a0La Moyenne\u00a0\u00bb Jean Duino.<\/span><\/p>\n<p>[\/et_pb_text][\/et_pb_column][\/et_pb_row][et_pb_row _builder_version=\u00a0\u00bb4.23.4&Prime; _module_preset=\u00a0\u00bbdefault\u00a0\u00bb global_colors_info=\u00a0\u00bb{}\u00a0\u00bb][et_pb_column type=\u00a0\u00bb4_4&Prime; _builder_version=\u00a0\u00bb4.23.4&Prime; _module_preset=\u00a0\u00bbdefault\u00a0\u00bb global_colors_info=\u00a0\u00bb{}\u00a0\u00bb][et_pb_image src=\u00a0\u00bbhttps:\/\/www.opusdesmuses.com\/opus\/wp-content\/uploads\/2025\/04\/Duo-JS-2.jpg\u00a0\u00bb title_text=\u00a0\u00bbDuo JS 2&Prime; _builder_version=\u00a0\u00bb4.23.4&Prime; _module_preset=\u00a0\u00bbdefault\u00a0\u00bb hover_enabled=\u00a0\u00bb0&Prime; global_colors_info=\u00a0\u00bb{}\u00a0\u00bb sticky_enabled=\u00a0\u00bb0&Prime;][\/et_pb_image][\/et_pb_column][\/et_pb_row][et_pb_row _builder_version=\u00a0\u00bb4.23.4&Prime; _module_preset=\u00a0\u00bbdefault\u00a0\u00bb global_colors_info=\u00a0\u00bb{}\u00a0\u00bb][et_pb_column type=\u00a0\u00bb4_4&Prime; _builder_version=\u00a0\u00bb4.23.4&Prime; _module_preset=\u00a0\u00bbdefault\u00a0\u00bb global_colors_info=\u00a0\u00bb{}\u00a0\u00bb][et_pb_text _builder_version=\u00a0\u00bb4.23.4&Prime; _module_preset=\u00a0\u00bbdefault\u00a0\u00bb text_font_size=\u00a0\u00bb17px\u00a0\u00bb global_colors_info=\u00a0\u00bb{}\u00a0\u00bb]<\/p>\n<p class=\"p1\"><span style=\"color: #ffffff;\"><span class=\"s1\">Jean-S\u00e9bastien Taillefer <span style=\"color: #ff0000;\">Piano<\/span><\/span><\/span><\/p>\n<p class=\"p1\"><span style=\"color: #ffffff;\"><span class=\"s1\">Il d\u00e9bute ses \u00e9tudes musicales au Conservatoire de Blois puis de <\/span><span class=\"s1\">Tours aupr\u00e8s de Danielle Brion et Bernard Job. Apr\u00e8s avoir obtenu de <\/span><span class=\"s1\">nombreux 1er Prix en Piano, Musique de Chambre, Analyse Musicale <\/span><span class=\"s1\">et Accompagnement ainsi que le 1er Prix de Piano \u00e0 l&rsquo;unanimit\u00e9 avec <\/span><span class=\"s1\">les<span class=\"Apple-converted-space\">\u00a0 <\/span>f\u00e9licitations<span class=\"Apple-converted-space\"> <\/span>du<span class=\"Apple-converted-space\"> <\/span>jury<span class=\"Apple-converted-space\"> <\/span>au<span class=\"Apple-converted-space\"> <\/span>Concours<span class=\"Apple-converted-space\"> <\/span>d&rsquo;Orl\u00e9ans,<span class=\"Apple-converted-space\"> <\/span>il<span class=\"Apple-converted-space\"> <\/span>est<span class=\"Apple-converted-space\"> <\/span>re\u00e7u<span class=\"Apple-converted-space\"> a<\/span>u<span class=\"Apple-converted-space\"> <\/span>Centre d\u2019\u00c9tudes Sup\u00e9rieures de Musique et de Danse de Toulouse<span class=\"Apple-converted-space\">\u00a0 <\/span>dans la classe de V\u00e9ronique Grange o\u00f9 il obtient son dipl\u00f4me d\u2019\u00c9tat de professeur de piano.<\/span><\/span><\/p>\n<p class=\"p1\"><span style=\"color: #ffffff;\"><span class=\"s1\">Sa passion pour la musique l\u2019am\u00e8ne \u00e0 explorer de nombreux univers <\/span><span class=\"s1\">sonores, des musiques anciennes aux musiques actuelles.<span class=\"Apple-converted-space\">\u00a0<\/span><\/span><span class=\"s1\">Jean-S\u00e9bastien Taillefer dispose d&rsquo;un r\u00e9pertoire particuli\u00e8rement riche qu&rsquo;il aime pr\u00e9senter en soliste ou accompagn\u00e9.<\/span><\/span><\/p>\n<p class=\"p1\"><span style=\"color: #ffffff;\"><span class=\"s1\">En 2004, il prend les fonctions de r\u00e9p\u00e9titeur pour le tournage du DVD <\/span><span class=\"s1\">\u201cLes<span class=\"Apple-converted-space\">\u00a0 <\/span>pianos<span class=\"Apple-converted-space\">\u00a0 <\/span>de<span class=\"Apple-converted-space\">\u00a0 <\/span>la<span class=\"Apple-converted-space\">\u00a0 <\/span>nuit\u201d au Festival International de Piano de la Roque d\u2019Anth\u00e9ron.<\/span><\/span><\/p>\n<p class=\"p1\"><span style=\"color: #ffffff;\"><span class=\"s1\">Invit\u00e9 en 2014 par le violon solo Fran\u00e7ois Gilles, il int\u00e8gre \u201cl\u2019Orchestre <\/span><span class=\"s1\">de Chambre des C\u00e9vennes\u201d en tant que soliste et continuiste. <\/span><span class=\"s1\">Entre 2016 et 2020, il int\u00e8gre de nombreuses formations de musiques <\/span><span class=\"s1\">actuelles<span class=\"Apple-converted-space\">\u00a0 <\/span>dont<span class=\"Apple-converted-space\"> <\/span>le<span class=\"Apple-converted-space\"> <\/span>groupe<span class=\"Apple-converted-space\"> <\/span>\u201cMister<span class=\"Apple-converted-space\"> <\/span>Shine\u201d<span class=\"Apple-converted-space\"> <\/span>avec<span class=\"Apple-converted-space\"> <\/span>qui<span class=\"Apple-converted-space\"> <\/span>il<span class=\"Apple-converted-space\"> <\/span>remporte<span class=\"Apple-converted-space\"> <\/span>le <\/span><span class=\"s1\">Tremplin ACFA \u00e0 Montpellier\/Victoire 2.<\/span><\/span><\/p>\n<p class=\"p1\"><span style=\"color: #ffffff;\"><span class=\"s1\">Actuellement professeur titulaire, Jean-S\u00e9bastien Taillefer enseigne <\/span><span class=\"s1\">le<span class=\"Apple-converted-space\">\u00a0 <\/span>piano<span class=\"Apple-converted-space\"> <\/span>et la<span class=\"Apple-converted-space\"> <\/span>Formation<span class=\"Apple-converted-space\"> <\/span>Musicale<span class=\"Apple-converted-space\"> <\/span>\u00e0<span class=\"Apple-converted-space\"> <\/span>l&rsquo;\u00c9cole<span class=\"Apple-converted-space\"> <\/span>Intercommunale<span class=\"Apple-converted-space\"> <\/span>de <\/span><span class=\"s1\">Musique<span class=\"Apple-converted-space\">\u00a0 <\/span>de<span class=\"Apple-converted-space\"> <\/span>Petite<span class=\"Apple-converted-space\"> <\/span>Camargue.<span class=\"Apple-converted-space\"> <\/span>Il<span class=\"Apple-converted-space\"> <\/span>est<span class=\"Apple-converted-space\"> <\/span>\u00e9galement<span class=\"Apple-converted-space\"> <\/span>accompagnateur<span class=\"Apple-converted-space\"> <\/span>au <\/span><span class=\"s1\">sein de l&rsquo;\u00e9tablissement.<\/span><\/span><\/p>\n<p>[\/et_pb_text][\/et_pb_column][\/et_pb_row][\/et_pb_section]<\/p>\n","protected":false},"excerpt":{"rendered":"<p>duo dussaud tailleferC&rsquo;est autour de la p\u00e9dagogie que les premiers \u00e9changes se tissent entre C\u00e9line Dussaud et Jean-S\u00e9bastien Taillefer. Leurs dialogues sur les apprentissages de leurs instruments les conduisent \u00e0 expliciter les modes d&rsquo;expression qui leur sont propres. Le chemin de la p\u00e9dagogie croise ceux de l&rsquo;histoire de la musique et de la musique de [&hellip;]<\/p>\n","protected":false},"author":1,"featured_media":0,"parent":0,"menu_order":0,"comment_status":"closed","ping_status":"closed","template":"","meta":{"_et_pb_use_builder":"on","_et_pb_old_content":"","_et_gb_content_width":"","footnotes":""},"class_list":["post-2410","page","type-page","status-publish","hentry"],"_links":{"self":[{"href":"https:\/\/www.opusdesmuses.com\/opus\/wp-json\/wp\/v2\/pages\/2410","targetHints":{"allow":["GET"]}}],"collection":[{"href":"https:\/\/www.opusdesmuses.com\/opus\/wp-json\/wp\/v2\/pages"}],"about":[{"href":"https:\/\/www.opusdesmuses.com\/opus\/wp-json\/wp\/v2\/types\/page"}],"author":[{"embeddable":true,"href":"https:\/\/www.opusdesmuses.com\/opus\/wp-json\/wp\/v2\/users\/1"}],"replies":[{"embeddable":true,"href":"https:\/\/www.opusdesmuses.com\/opus\/wp-json\/wp\/v2\/comments?post=2410"}],"version-history":[{"count":13,"href":"https:\/\/www.opusdesmuses.com\/opus\/wp-json\/wp\/v2\/pages\/2410\/revisions"}],"predecessor-version":[{"id":2447,"href":"https:\/\/www.opusdesmuses.com\/opus\/wp-json\/wp\/v2\/pages\/2410\/revisions\/2447"}],"wp:attachment":[{"href":"https:\/\/www.opusdesmuses.com\/opus\/wp-json\/wp\/v2\/media?parent=2410"}],"curies":[{"name":"wp","href":"https:\/\/api.w.org\/{rel}","templated":true}]}}